{"id":28,"date":"2014-08-30T17:48:20","date_gmt":"2014-08-30T15:48:20","guid":{"rendered":"http:\/\/www.uplapieve.it\/wordpress\/?page_id=28"},"modified":"2026-03-11T23:22:48","modified_gmt":"2026-03-11T22:22:48","slug":"parrocchia-solighetto","status":"publish","type":"page","link":"https:\/\/www.uplapieve.it\/wordpress\/lunita-pastorale\/parrocchia-solighetto\/","title":{"rendered":"Parrocchia di Solighetto"},"content":{"rendered":"\n<div class=\"wp-block-columns is-layout-flex wp-container-core-columns-is-layout-bdf5e888 wp-block-columns-is-layout-flex\">\n<div class=\"wp-block-column is-layout-flow wp-block-column-is-layout-flow\">\n<div class=\"wp-block-buttons is-content-justification-center is-layout-flex wp-container-core-buttons-is-layout-50446695 wp-block-buttons-is-layout-flex\">\n<div class=\"wp-block-button\" style=\"text-transform:uppercase\"><a class=\"wp-block-button__link wp-element-button\" href=\"#storia\">storia della parrocchia<\/a><\/div>\n<\/div>\n<\/div>\n\n\n\n<div class=\"wp-block-column is-layout-flow wp-block-column-is-layout-flow\">\n<div class=\"wp-block-buttons is-layout-flex wp-block-buttons-is-layout-flex\">\n<div class=\"wp-block-button\" style=\"text-transform:uppercase\"><a class=\"wp-block-button__link wp-element-button\" href=\"#prenota\">prenota l&#8217;aula sant&#8217;andrea o il brolo della canonica<\/a><\/div>\n<\/div>\n<\/div>\n<\/div>\n\n\n\n<div style=\"height:131px\" aria-hidden=\"true\" id=\"storia\" class=\"wp-block-spacer\"><\/div>\n\n\n\n<figure class=\"wp-block-image aligncenter\"><img decoding=\"async\" src=\"https:\/\/www.uplapieve.it\/wordpress\/wp-content\/uploads\/2014\/09\/intestazione_solighetto_-7.png\" alt=\"Solighetto \u2013 Pagina 48 \u2013 Unita' Pastorale &quot;La Pieve&quot;\"\/><\/figure>\n\n\n\n<div style=\"height:50px\" aria-hidden=\"true\" class=\"wp-block-spacer\"><\/div>\n\n\n\n<div class=\"wp-block-columns alignfull has-dark-background-color has-background is-layout-flex wp-container-core-columns-is-layout-bdf5e888 wp-block-columns-is-layout-flex\">\n<div class=\"wp-block-column is-layout-flow wp-block-column-is-layout-flow\" style=\"flex-basis:20%\">\n<p class=\"wp-block-paragraph\"><\/p>\n<\/div>\n\n\n\n<div class=\"wp-block-column is-layout-flow wp-block-column-is-layout-flow\" style=\"flex-basis:60%\">\n<div class=\"wp-block-columns is-layout-flex wp-container-core-columns-is-layout-bdf5e888 wp-block-columns-is-layout-flex\">\n<div class=\"wp-block-column is-layout-flow wp-block-column-is-layout-flow\" style=\"flex-basis:65%\">\n<figure class=\"wp-block-image size-large\"><a href=\"https:\/\/www.uplapieve.it\/wordpress\/wp-content\/uploads\/2024\/04\/header2.jpg\"><img loading=\"lazy\" decoding=\"async\" width=\"1024\" height=\"427\" src=\"https:\/\/www.uplapieve.it\/wordpress\/wp-content\/uploads\/2024\/04\/header2-1024x427.jpg\" alt=\"\" class=\"wp-image-4727\" srcset=\"https:\/\/www.uplapieve.it\/wordpress\/wp-content\/uploads\/2024\/04\/header2-1024x427.jpg 1024w, https:\/\/www.uplapieve.it\/wordpress\/wp-content\/uploads\/2024\/04\/header2-300x125.jpg 300w, https:\/\/www.uplapieve.it\/wordpress\/wp-content\/uploads\/2024\/04\/header2-768x320.jpg 768w, https:\/\/www.uplapieve.it\/wordpress\/wp-content\/uploads\/2024\/04\/header2-1536x640.jpg 1536w, https:\/\/www.uplapieve.it\/wordpress\/wp-content\/uploads\/2024\/04\/header2-1140x475.jpg 1140w, https:\/\/www.uplapieve.it\/wordpress\/wp-content\/uploads\/2024\/04\/header2.jpg 1920w\" sizes=\"auto, (max-width: 1024px) 100vw, 1024px\" \/><\/a><\/figure>\n<\/div>\n\n\n\n<div class=\"wp-block-column is-layout-flow wp-block-column-is-layout-flow\" style=\"flex-basis:55%\">\n<p class=\"has-light-color has-text-color wp-block-paragraph\">Solighetto \u00e8 un paese raccolto e familiare, costituitosi intorno al vecchio nucleo di Piazza Libert\u00e0 e avvolto dai fiumi Soligo e Lierza.<\/p>\n\n\n\n<p class=\"has-light-color has-text-color wp-block-paragraph\">Vanta luoghi di interesse storico e paesaggistico degni di nota, quali la Villa Brandolini, la casa di Francesco Fabbri e, per ultima ma non di minor valore, la chiesa parrocchiale intitolata a Maria Immacolata.<\/p>\n<\/div>\n<\/div>\n<\/div>\n\n\n\n<div class=\"wp-block-column is-layout-flow wp-block-column-is-layout-flow\" style=\"flex-basis:20%\">\n<p class=\"wp-block-paragraph\"><\/p>\n<\/div>\n<\/div>\n\n\n\n<div style=\"height:61px\" aria-hidden=\"true\" class=\"wp-block-spacer\"><\/div>\n\n\n\n<div class=\"wp-block-columns is-layout-flex wp-container-core-columns-is-layout-bdf5e888 wp-block-columns-is-layout-flex\">\n<div class=\"wp-block-column is-layout-flow wp-block-column-is-layout-flow\">\n<p class=\"wp-block-paragraph\" style=\"line-height:1.5\">La chiesa fu costruita grazie all&#8217;impegno del conte Gerolamo Brandolini Rota, che la fece costruire dalle fondamenta a sue spese e la dot\u00f2 del relativo patrimonio artistico quando l&#8217;8 dicembre 1856 divenne parrocchiale. Iniziata il 19 marzo 1855, fu consacrata il 24 ottobre 1858 dal vescovo Manfredo Bellati all&#8217;Immacolata Concezione. Costruita in luogo di una chiesa preesistente dedicata a Sant&#8217;Andrea, l&#8217;attuale chiesa \u00e8 ritrovo della comunit\u00e0 di Solighetto nelle celebrazioni eucaristiche.<\/p>\n\n\n\n<p class=\"wp-block-paragraph\" style=\"line-height:1.5\">Parroco di Solighetto \u00e8 don Luigino Zago, aiutato dai cappellani don Luca Soldan e don Yuri Boz. Al loro fianco molti volontari laici donano il loro meglio per la riuscita delle attivit\u00e0 legate alla vita cristiana della comunit\u00e0: dal catechismo all&#8217;animazione liturgica, dalla crescita dei ragazzi alla carit\u00e0.<\/p>\n<\/div>\n\n\n\n<div class=\"wp-block-column is-layout-flow wp-block-column-is-layout-flow\">\n<figure class=\"wp-block-image\"><img decoding=\"async\" src=\"https:\/\/www.eventivenetando.it\/blog\/wp-content\/uploads\/2021\/07\/Solighetto1.jpg\" alt=\"Solighetto: pi\u00f9 di 800 anni di storia tra le colline del Prosecco - Eventi  Venetando\"\/><\/figure>\n<\/div>\n<\/div>\n\n\n\n<div style=\"height:48px\" aria-hidden=\"true\" class=\"wp-block-spacer\"><\/div>\n\n\n\n<div class=\"wp-block-columns is-layout-flex wp-container-core-columns-is-layout-bdf5e888 wp-block-columns-is-layout-flex\">\n<div class=\"wp-block-column is-layout-flow wp-block-column-is-layout-flow\">\n<figure class=\"wp-block-image\"><img decoding=\"async\" src=\"https:\/\/www.passeggiatetreviso.it\/images\/phocagallery\/solighetto\/thumbs\/phoca_thumb_l_chiesa-di-solighetto14.jpg\" alt=\"Da Pieve di Soligo a Solighetto la passeggiata\"\/><\/figure>\n<\/div>\n\n\n\n<div class=\"wp-block-column is-layout-flow wp-block-column-is-layout-flow\">\n<p class=\"wp-block-paragraph\" style=\"line-height:1.5\">Centro di tutto \u00e8 la canonica, casa dell&#8217;ultimo parroco residente in paese, don Francesco Casagrande. Ritrovo dei ragazzi per il catechismo, si \u00e8 dimostrata una casa ospitale anche per i gruppi che hanno voluto vivere delle giornate in comunit\u00e0, dormendo e mangiando insieme. Il brolo della canonica \u00e8 luogo ideale sia per le feste parrocchiali che quelle private, soprattutto compleanni, anche se al momento \u00e8 in manutenzione.<\/p>\n\n\n\n<p class=\"wp-block-paragraph\" style=\"line-height:1.5\">La parrocchia, inoltre, si avvale della collaborazione di <em><a href=\"https:\/\/www.facebook.com\/p\/Amici-Per-Solighetto-100081458027401\/\" target=\"_blank\" rel=\"noreferrer noopener\">Amici per Solighetto<\/a><\/em>, associazione di volontari del paese che si occupa della gestione di molti eventi che vi si svolgono: il pi\u00f9 importante \u00e8 indubbiamente la sagra paesana per il patrono Sant&#8217;Andrea (30 novembre) e per l&#8217;Immacolata (8 dicembre). Oltre questo evento, che si prolunga per circa dieci giorni, <em><a href=\"https:\/\/www.facebook.com\/p\/Amici-Per-Solighetto-100081458027401\/\" target=\"_blank\" rel=\"noreferrer noopener\">Amici per Solighetto<\/a><\/em> organizza durante l&#8217;anno varie iniziative, come camminate &#8220;su e gi\u00f9 per i troi di Suighet&#8221; e degustazioni in Villa Brandolini, grazie alla collaborazione con vari enti, pranzi e feste su richiesta.<\/p>\n<\/div>\n<\/div>\n\n\n\n<div style=\"height:133px\" aria-hidden=\"true\" class=\"wp-block-spacer\"><\/div>\n\n\n\n<hr class=\"wp-block-separator has-alpha-channel-opacity is-style-wide\" id=\"prenota\"\/>\n\n\n\n<div style=\"height:100px\" aria-hidden=\"true\" class=\"wp-block-spacer\"><\/div>\n\n\n\n<h2 class=\"wp-block-heading has-text-align-center\">PRENOTA LA SALA O IL BROLO DELLA CANONICA<\/h2>\n\n\n\n<p class=\"has-text-align-center wp-block-paragraph\">La parrocchia di Solighetto dispone di una sala parrocchiale, prenotabile per incontri, riunioni e feste private, e di un ampio parco suddiviso nel brolo superiore e in quello inferiore. Sono disponibili calcio balilla, porte da calcio e rete da pallavolo.<br>\u00c8 possibile richiedere l&#8217;assistenza di un responsabile della parrocchia per l&#8217;apertura-chiusura del brolo, dell&#8217;Aula Sant&#8217;Andrea e per il riscaldamento nei mesi freddi.<br>Per l&#8217;utilizzo degli spazi (riunioni, compleanni, pranzi e cene di gruppo, feste all&#8217;aperto) \u00e8 richiesta un&#8217;offerta, che aiuter\u00e0 la parrocchia a mantenere puliti e in ordine gli spazi, con tutte le attrezzature e forniture. Nei mesi invernali \u00e8 previsto per l&#8217;Aula Sant&#8217;Andrea un contributo a parte di 5 \u20ac\/ora per l&#8217;utilizzo del riscaldamento.<\/p>\n\n\n\n<div style=\"height:69px\" aria-hidden=\"true\" class=\"wp-block-spacer\"><\/div>\n\n\n\n<div class=\"wp-block-booking-booking\"> <div id=\"form_id336254805884\" class=\"wpbc_container wpbc_form wpbc_container_booking_form\"  style=\"--wpbc_form-button-border-radius:3px;--wpbc_form-button-border-style:none;--wpbc_form-button-border-size:1px;--wpbc_form-button-primary-border-style:none;--wpbc_form-button-light-border-style:solid;--wpbc_form-button-light-border-size:1px;--wpbc-bfb-form-background:#ffffff;--wpbc-bfb-form-border-color:#cccccc;--wpbc-bfb-form-border-width:1px;--wpbc-bfb-form-border-radius:2px;--wpbc-bfb-form-padding:10px 30px;--wpbc-bfb-form-box-shadow:rgba(0, 0, 0, 0.05) 0px 2px 6px 0px;--wpbc_form-label-color:rgba(0, 0, 0, 0.85);--wpbc_form-label-sublabel-color:rgba(0, 0, 0, 0.55);--wpbc_form-label-error-color:#d63637;--wpbc_form-field-background-color:#ffffff;--wpbc_form-field-border-color:rgba(0, 0, 0, 0.25);--wpbc_form-field-border-color-spare:rgba(0, 0, 0, 0.25);--wpbc_form-field-focus-border-color:#066aab;--wpbc_form-field-focus-shadow-color:#066aab;--wpbc_form-field-text-color:rgba(0, 0, 0, 0.7);--wpbc_form-field-disabled-color:rgba(0, 0, 0, 0.2);--wpbc_form-field-menu-color:#ffffff;--wpbc_form-button-background-color:#066aab;--wpbc_form-button-background-color-alt:#066aab;--wpbc_form-button-border-color:#066aab;--wpbc_form-button-text-color:#ffffff;--wpbc_form-button-text-color-alt:#ffffff;--wpbc_form-choice-checked-border-color:#066aab;--wpbc_form-choice-checked-color:#066aab;--wpbc_form-choice-focus-color:#066aab;--wpbc_form-button-light-background-color:#fdfdfd;--wpbc_form-button-light-border-color:#cacacab5;--wpbc_form-button-light-text-color:#444444e0;--wpbc_form-button-light-box-shadow:0 2px 10px 2px #ffffff54;--wpbc_form-button-light-hover-background-color:#fdfdfd;--wpbc_form-button-light-hover-border-color:rgb(77, 145, 205);--wpbc_form-button-light-hover-text-color:#444444e0;--wpbc_form-button-light-hover-box-shadow:0 2px 10px 2px #ffffff54;--wpbc_form-button-primary-hover-border-color:#ffffff;--wpbc_form-page-break-color:#066aab;\"><form id=\"booking_form1\" class=\"booking_form vertical\" method=\"post\" action=\"\"><div id=\"ajax_respond_insert1\" class=\"ajax_respond_insert\" style=\"display:none;\"><\/div><a name=\"bklnk1\" id=\"bklnk1\"><\/a><div id=\"booking_form_div1\" class=\"booking_form_div\"><style type=\"text\/css\">.wpbc_container_booking_form .block_hints, .wpbc_booking_form_simple.wpbc_form_center .wpbc__form__div .wpbc__row.wpbc_r_calendar, .wpbc_booking_form_simple .wpbc__form__div .wpbc__row:not(.wpbc_r_calendar){max-width:440px;} <\/style>\n<div class=\"wpbc_booking_form_simple \">\n<div class=\"wpbc__row\">\n  <div class=\"wpbc__field\">\n    <div class=\"wpbc_calendar_wraper wpbc_change_over_triangle\"><div class=\"wpbc_cal_container bk_calendar_frame wpbc_no_custom_width  months_num_in_row_ cal_month_num_1\" style=\"\"><div id=\"calendar_booking1\"  class=\"wpbc_calendar_id_1\" >\t<div class=\"calendar_loader_frame calendar_loader_frame1\"\r\n\t\tdata-wpbc-rid=\"1\"\r\n\t\tdata-wpbc-grace=\"8000\"\r\n\t\tstyle=\"--wpbc-loader-cols: 1;\"\r\n\t>\r\n\t\t<div class=\"calendar_loader_text\">Caricamento in corso...<\/div>\r\n\t\t<div class=\"calendar_loader_frame__progress_line_container\">\r\n\t\t\t<div class=\"calendar_loader_frame__progress_line\"><\/div>\r\n\t\t<\/div>\r\n\t<\/div>\r\n\t<\/div><\/div><div class=\"wpbc_cal_powered_by\">Powered by <a href=\"https:\/\/wpbookingcalendar.com\" target=\"_blank\" title=\"Booking Calendar plugin for WordPress\">Booking Calendar<\/a><\/div><textarea id=\"date_booking1\" name=\"date_booking1\" autocomplete=\"off\" style=\"display:none;\"><\/textarea><div class=\"block_hints datepick  block_hints_vertical \"><div class=\"wpdev_hint_with_text\"><div class=\"\"><div class=\"datepick-inline wpbc_calendar_legend_table_width_height\"><table class=\"datepick wpbc_calendar\" style=\"\"><tbody><tr><td class=\"datepick-days-cell date_available wpbc_calendar_legend_day_cell_height\"><div class=\"wpbc-cell-box\">\t<div class=\"date-cell-content\">\t\t<div class=\"date-content-top\"><\/div>\t\t<a>05<\/a>\t\t<div class=\"date-content-bottom\"><\/div>\t<\/div><\/div><\/td><\/tr><\/tbody><\/table><\/div><\/div><div class=\"block_text\">- <\/div><div class=\"block_text\">Disponibile<\/div><\/div><div class=\"wpdev_hint_with_text\"><div class=\"\"><div class=\"datepick-inline wpbc_calendar_legend_table_width_height\"><table class=\"datepick wpbc_calendar\" style=\"\"><tbody><tr><td class=\"datepick-days-cell datepick-unselectable date_user_unavailable full_day_booking date_approved wpbc_calendar_legend_day_cell_height\"><div class=\"wpbc-cell-box\">\t<div class=\"date-cell-content\">\t\t<div class=\"date-content-top\"><\/div>\t\t<span>05<\/span>\t\t<div class=\"date-content-bottom\"><\/div>\t<\/div><\/div><\/td><\/tr><\/tbody><\/table><\/div><\/div><div class=\"block_text\">- <\/div><div class=\"block_text\">Prenotata<\/div><\/div><div class=\"wpdev_hint_with_text\"><div class=\"\"><div class=\"datepick-inline wpbc_calendar_legend_table_width_height\"><table class=\"datepick wpbc_calendar\" style=\"\"><tbody><tr><td class=\"datepick-days-cell datepick-unselectable date_user_unavailable full_day_booking date2approve wpbc_calendar_legend_day_cell_height\"><div class=\"wpbc-cell-box\">\t<div class=\"date-cell-content\">\t\t<div class=\"date-content-top\"><\/div>\t\t<span>05<\/span>\t\t<div class=\"date-content-bottom\"><\/div>\t<\/div><\/div><\/td><\/tr><\/tbody><\/table><\/div><\/div><div class=\"block_text\">- <\/div><div class=\"block_text\">In attesa<\/div><\/div><div class=\"wpdev_hint_with_text\"><div class=\"\"><span class=\" wpbc_change_over_triangle\"><div class=\"datepick-inline wpbc_calendar_legend_table_width_height\"><table class=\"datepick wpbc_calendar\" style=\"\"><tbody><tr><td class=\"datepick-days-cell date_available date2approve timespartly times_clock wpbc_calendar_legend_day_cell_height\"><div class=\"wpbc-cell-box\">\t<div class=\"wpbc-diagonal-el\">\t\t<div class=\"wpbc-co-out\"><svg height=\"100%\" width=\"100%\" viewBox=\"0 0 100 100\" preserveAspectRatio=\"none\"><polygon points=\"0,0 0,99 99,0\"><\/polygon><polygon points=\"0,0 0,100 49,100 49,0\"><\/polygon><\/svg><\/div>\t\t<div class=\"wpbc-co-in\"><svg height=\"100%\" width=\"100%\" viewBox=\"0 0 98 98\" preserveAspectRatio=\"none\"><polygon points=\"0,99 99,99 99,0\"><\/polygon><polygon points=\"50,98 98,98 98,0 50,0\"><\/polygon><\/svg><\/div>\t<\/div>\t<div class=\"date-cell-content\">\t\t<div class=\"date-content-top\"><div class=\"wpbc_time_dots\">\u00b7<\/div><\/div>\t\t<a>05<\/a>\t\t<div class=\"date-content-bottom\"><\/div>\t<\/div><\/div><\/td><\/tr><\/tbody><\/table><\/div><\/span><\/div><div class=\"block_text\">- <\/div><div class=\"block_text\">\ufeffParzialmente prenotata<\/div><\/div><\/div><\/div>\n  <\/div>\n  <div class=\"wpbc__field\">\n<div class=\"wpbc__form__div\">\n\t\t\t<div class=\"wpbc__row\">\n\t\t\t\t<div class=\"wpbc_r_spazi wpbc__field\"> <label>Spazi<\/label><br><span class=\"wpbc_wrap_select wpdev-form-control-wrap spazi1\"><select onchange=\"javascript:if(typeof( wpbc_show_cost_hints_after_few_seconds )=='function'){wpbc_show_cost_hints_after_few_seconds(1);}\" name=\"spazi1\" autocomplete=\"spazi\"><option value=\"Aula SantAndrea\">Aula SantAndrea<\/option><option value=\"Brolo superiore\">Brolo superiore<\/option><option value=\"Brolo superiore e inferiore\">Brolo superiore e inferiore<\/option><option value=\"Tutti gli spazi esterni e Aula SantAndrea\">Tutti gli spazi esterni e Aula SantAndrea<\/option><\/select><\/span> <\/div>\n\t\t\t<\/div>\n\t\t\t<div class=\"wpbc__row\">\n\t\t\t\t<div class=\"wpbc_r_rangetime wpbc__field\"> <label>Fasce orarie*<\/label><br><span class=\"wpbc_wrap_select wpdev-form-control-wrap rangetime1\"><select onchange=\"javascript:if(typeof( wpbc_show_cost_hints_after_few_seconds )=='function'){wpbc_show_cost_hints_after_few_seconds(1);}\" name=\"rangetime1\" autocomplete=\"rangetime\" class=\"wpdev-validates-as-required\"><option value=\"08:00 - 14:00\">Mattina\/Pranzo<\/option><option value=\"14:00 - 18:30\">Pomeriggio<\/option><option value=\"18:30 - 23:30\">Cena\/Sera<\/option><option value=\"00:00 - 24:00\">Giornata intera<\/option><\/select><\/span> <\/div>\n\t\t\t<\/div>\n\t\t\t<div class=\"wpbc__row\">\n\t\t\t\t<div class=\"wpbc_r_name wpbc__field\"> <label>Nome Cognome della persona di riferimento*<\/label><br><span class=\"wpbc_wrap_text wpdev-form-control-wrap name1\"><input type=\"text\" name=\"name1\" value=\"\" autocomplete=\"name\" class=\"wpdev-validates-as-required\" size=\"40\" \/><\/span> <\/div>\n\t\t\t<\/div>\n\t\t\t<div class=\"wpbc__row\">\n\t\t\t\t<div class=\"wpbc_r_email wpbc__field\"> <label>Email*<\/label><br><span class=\"wpbc_wrap_text wpdev-form-control-wrap email1\"><input type=\"email\" name=\"email1\" value=\"\" autocomplete=\"email\" class=\"wpdev-validates-as-email wpdev-validates-as-required\" size=\"40\" \/><\/span> <\/div>\n\t\t\t<\/div>\n\t\t\t<div class=\"wpbc__row\">\n\t\t\t\t<div class=\"wpbc_r_phone wpbc__field\"> <label>Cellulare*<\/label><br><span class=\"wpbc_wrap_text wpdev-form-control-wrap phone1\"><input type=\"text\" name=\"phone1\" value=\"\" autocomplete=\"phone\" class=\"wpdev-validates-as-required\" size=\"40\" \/><\/span> <\/div>\n\t\t\t<\/div>\n\t\t\t<div class=\"wpbc__row\">\n\t\t\t\t<div class=\"wpbc_r_chiavi wpbc__field\"> <label>Hai bisogno di un referente per l'apertura e la chiusura del brolo e\/o della sala?*<\/label><br><span class=\"wpbc_wrap_select wpdev-form-control-wrap chiavi1\"><select onchange=\"javascript:if(typeof( wpbc_show_cost_hints_after_few_seconds )=='function'){wpbc_show_cost_hints_after_few_seconds(1);}\" name=\"chiavi1\" autocomplete=\"chiavi\" class=\"wpdev-validates-as-required\"><option value=\"S\u00ec\">S\u00ec<\/option><option value=\"No, ho le chiavi.\">No, ho le chiavi.<\/option><\/select><\/span> <\/div>\n\t\t\t<\/div>\n\t\t\t<div class=\"wpbc__row\">\n\t\t\t\t<div class=\"wpbc_r_visitors wpbc__field\"> <label>Hai bisogno del riscaldamento? (nei mesi invernali \u00e8 richiesto un contributo di 5 \u20ac\/ora)*<\/label><br><span class=\"wpbc_wrap_select wpdev-form-control-wrap visitors1\"><select onchange=\"javascript:if(typeof( wpbc_show_cost_hints_after_few_seconds )=='function'){wpbc_show_cost_hints_after_few_seconds(1);}\" name=\"visitors1\" autocomplete=\"visitors\" class=\"wpdev-validates-as-required\"><option value=\"S\u00ec\">S\u00ec<\/option><option value=\"No\">No<\/option><\/select><\/span> <\/div>\n\t\t\t<\/div>\n\t\t\t<div class=\"wpbc__row\">\n\t\t\t\t<div class=\"wpbc_r_details wpbc__field\"> <label>Descrizione dell'uso degli spazi scelti*<\/label><br><span class=\"wpbc_wrap_textarea wpdev-form-control-wrap details1\"><textarea name=\"details1\" autocomplete=\"details\" class=\"wpdev-validates-as-required\"><\/textarea><\/span> <\/div>\n\t\t\t<\/div>\n\t\t\t<div class=\"wpbc__row\">\n\t\t\t\t<div class=\"wpbc_r_submit wpbc__field\"><input type=\"button\" value=\"Invia\" class=\"wpbc_button wpbc_button_primary  btn btn\" onclick=\"wpbc_booking_form_submit(this.form,1, 'it_IT');\" \/> <\/div>\n\t\t\t<\/div>\n<\/div>\n\t<\/div>\n\t<\/div>\n<\/div><input id=\"bk_type1\" name=\"bk_type1\" class=\"\" type=\"hidden\" value=\"1\" \/><\/div><div id=\"submiting1\"><\/div><div class=\"form_bk_messages\" id=\"form_bk_messages1\" ><\/div><input type=\"hidden\" id=\"wpbc_nonceCALCULATE_THE_COST1\" name=\"wpbc_nonceCALCULATE_THE_COST1\" value=\"fa8b458167\" \/><input type=\"hidden\" name=\"_wp_http_referer\" value=\"\/wordpress\/wp-json\/wp\/v2\/pages\/28\" \/><\/form><\/div><div id=\"booking_form_garbage1\" class=\"booking_form_garbage\"><\/div> <\/div>\n","protected":false},"excerpt":{"rendered":"<p>Solighetto \u00e8 un paese raccolto e familiare, costituitosi intorno al vecchio nucleo di Piazza<span class=\"more-dots\">&#8230;<\/span><\/p>\n","protected":false},"author":1,"featured_media":0,"parent":8,"menu_order":5,"comment_status":"closed","ping_status":"closed","template":"","meta":{"footnotes":""},"class_list":["post-28","page","type-page","status-publish","hentry","no-post-thumbnail"],"_links":{"self":[{"href":"https:\/\/www.uplapieve.it\/wordpress\/wp-json\/wp\/v2\/pages\/28","targetHints":{"allow":["GET"]}}],"collection":[{"href":"https:\/\/www.uplapieve.it\/wordpress\/wp-json\/wp\/v2\/pages"}],"about":[{"href":"https:\/\/www.uplapieve.it\/wordpress\/wp-json\/wp\/v2\/types\/page"}],"author":[{"embeddable":true,"href":"https:\/\/www.uplapieve.it\/wordpress\/wp-json\/wp\/v2\/users\/1"}],"replies":[{"embeddable":true,"href":"https:\/\/www.uplapieve.it\/wordpress\/wp-json\/wp\/v2\/comments?post=28"}],"version-history":[{"count":20,"href":"https:\/\/www.uplapieve.it\/wordpress\/wp-json\/wp\/v2\/pages\/28\/revisions"}],"predecessor-version":[{"id":6702,"href":"https:\/\/www.uplapieve.it\/wordpress\/wp-json\/wp\/v2\/pages\/28\/revisions\/6702"}],"up":[{"embeddable":true,"href":"https:\/\/www.uplapieve.it\/wordpress\/wp-json\/wp\/v2\/pages\/8"}],"wp:attachment":[{"href":"https:\/\/www.uplapieve.it\/wordpress\/wp-json\/wp\/v2\/media?parent=28"}],"curies":[{"name":"wp","href":"https:\/\/api.w.org\/{rel}","templated":true}]}}